{"id":7124,"date":"2024-12-06T17:32:52","date_gmt":"2024-12-06T16:32:52","guid":{"rendered":"https:\/\/www.berrand-sarl.fr\/EnR\/?page_id=7124"},"modified":"2026-02-25T18:26:49","modified_gmt":"2026-02-25T17:26:49","slug":"attestation-tva-mode-demploi","status":"publish","type":"page","link":"https:\/\/www.berrand-sarl.fr\/EnR\/attestation-tva-mode-demploi\/","title":{"rendered":"Attestation de TVA"},"content":{"rendered":"<div class=\"wp-block-image is-style-rounded\">\n<figure class=\"alignright size-full is-resized\" id=\"-Haut_de_page\"><a href=\"#Haut_de_page\" rel=\"Bouton haut page\"><img loading=\"lazy\" decoding=\"async\" width=\"40\" height=\"40\" src=\"https:\/\/www.berrand-sarl.fr\/EnR\/wp-content\/uploads\/2026\/04\/bas-page.jpg\" alt=\"Bouton bas page\" class=\"wp-image-15962\" style=\"width:40px;height:auto\" title=\"Vers bas de page\"\/><\/a><\/figure>\n<\/div>\n\n\n<h2 class=\"wp-block-heading has-text-align-center has-text-color has-large-font-size\" style=\"color:#119320\"><strong>Mode d&#8217;emploi<\/strong>, petit rappel:<\/h2>\n\n\n\n<h2 class=\"wp-block-heading has-vivid-purple-color has-text-color\"><strong>Chacun de nos devis, de nos factures sont accompagn\u00e9s d&#8217;une attestation de T.V.A.<\/strong><\/h2>\n\n\n\n<h3 class=\"wp-block-heading\">Il est obligatoire\u00a0pour le client de la remplir et de la retourner avec son r\u00e8glement<\/h3>\n\n\n\n<h3 class=\"wp-block-heading\">Pour b\u00e9n\u00e9ficier du taux r\u00e9duit de TVA (10 % &#8211; 5,5 %),&nbsp;<strong><mark style=\"background-color:rgba(0, 0, 0, 0)\" class=\"has-inline-color has-vivid-cyan-blue-color\">la loi impose<\/mark><\/strong>&nbsp;au ma\u00eetre d&#8217;ouvrage de remettre \u00e0 chaque entreprise une attestation pour l&#8217;ensemble des travaux, <mark style=\"background-color:rgba(0, 0, 0, 0);color:#f30000\" class=\"has-inline-color\">sauf pour les travaux dont le montant est inf\u00e9rieur \u00e0 300 \u20ac<\/mark>. Le <strong>ma\u00eetre d&#8217;ouvrage (&#8230; propri\u00e9taire occupant, propri\u00e9taire bailleur, locataire, syndicat de copropri\u00e9t\u00e9<\/strong>)&nbsp;doit remettre \u00e0 l&#8217;entreprise une seule attestation pour l&#8217;ensemble des travaux,&nbsp;<strong><mark style=\"background-color:rgba(0, 0, 0, 0)\" class=\"has-inline-color has-vivid-cyan-blue-color\">remplie, dat\u00e9e et sign\u00e9e<\/mark><\/strong>&nbsp;avant le commencement des travaux (<em>au moment de la signature du devis, par exemple)<\/em> ou au plus tard avant la facture d\u00e9finitive.<\/h3>\n\n\n<div class=\"wp-block-image\">\n<figure class=\"aligncenter size-full is-resized\"><a href=\"https:\/\/www.impots.gouv.fr\/portail\/files\/formulaires\/1301-sd\/2016\/1301-sd_1515.pdf\"><img loading=\"lazy\" decoding=\"async\" width=\"601\" height=\"852\" src=\"https:\/\/www.berrand-sarl.fr\/EnR\/wp-content\/uploads\/2021\/05\/Attestation-TVA.jpg\" alt=\"Attestation TVA simplifi\u00e9e\" class=\"wp-image-7128\" style=\"width:598px;height:848px\" srcset=\"https:\/\/www.berrand-sarl.fr\/EnR\/wp-content\/uploads\/2021\/05\/Attestation-TVA.jpg 601w, https:\/\/www.berrand-sarl.fr\/EnR\/wp-content\/uploads\/2021\/05\/Attestation-TVA-212x300.jpg 212w\" sizes=\"auto, (max-width: 601px) 100vw, 601px\" \/><\/a><figcaption class=\"wp-element-caption\"><strong><em><mark style=\"background-color:rgba(0, 0, 0, 0);color:#f40505\" class=\"has-inline-color\">CLIQUEZ sur l&#8217;image pour agrandir<\/mark><\/em><\/strong><\/figcaption><\/figure>\n<\/div>\n\n\n<p class=\"has-background\" style=\"background-color:#e49696\">Lors d&#8217;un contr\u00f4le fiscal, <strong>la premi\u00e8re demande du v\u00e9rificateur porte sur ces attestations<\/strong>. En&nbsp;l&#8217;absence de celles-ci, le taux normal est automatiquement appliqu\u00e9&nbsp;: 20 % en m\u00e9tropole, 10 % en Corse, 8,5 % dans les DOM. Aucun recours n&#8217;est possible sur ce type de redressement.<\/p>\n\n\n\n<p>De plus en plus de contr\u00f4les fiscaux portant sur les attestations de TVA montrent qu&#8217;elles sont soit inexistantes, soit remplies de mani\u00e8re incorrecte. Les entreprises concern\u00e9es subissent donc des redressements importants.<\/p>\n\n\n\n<p class=\"has-text-align-center has-vivid-red-color has-text-color\"><strong>Si vous voulez \u00e9vitez un redressement, nous vous invitons \u00e0 <a href=\"https:\/\/www.impots.gouv.fr\/portail\/files\/formulaires\/1301-sd\/2016\/1301-sd_1515.pdf\">suivre ce mode d&#8217;emploi au plus pr\u00e8s<\/a>, votre responsabilit\u00e9 de client est aussi engag\u00e9e en cas de contr\u00f4le fiscal de l&#8217;entreprise.<\/strong><\/p>\n\n\n\n<p>Le <strong>taux r\u00e9duit de TVA de 10%<\/strong> pr\u00e9vu \u00e0 l\u2019article 279-0 bis du code g\u00e9n\u00e9ral des imp\u00f4ts (CGI) s\u2019applique, sous certaines conditions, aux <strong><span class=\"highlight\"><mark style=\"background-color:rgba(0, 0, 0, 0);color:#26a81f\" class=\"has-inline-color\">travaux d\u2019am\u00e9lioration, de transformation, d\u2019am\u00e9nagement et d\u2019entretien de locaux \u00e0 usage d\u2019habitation achev\u00e9s depuis plus de deux ans. <\/mark><\/span><\/strong><\/p>\n\n\n\n<p>Le <strong>taux r\u00e9duit de TVA de 5,5 %<\/strong> pr\u00e9vu \u00e0 l\u2019article 278-0 bis A du code g\u00e9n\u00e9ral des imp\u00f4ts (CGI) s\u2019applique, sous certaines conditions, aux <strong><mark style=\"background-color:rgba(0, 0, 0, 0);color:#0dbc7c\" class=\"has-inline-color\">travaux d\u2019am\u00e9lioration de la qualit\u00e9 \u00e9nerg\u00e9tique des locaux \u00e0 usage d\u2019habitation achev\u00e9s depuis plus de deux ans ainsi que sur les travaux induits qui leur sont indissociablement li\u00e9s.<\/mark><\/strong> Pour b\u00e9n\u00e9ficier des taux r\u00e9duits vous devez attester que ces conditions sont r\u00e9unies. <\/p>\n\n\n\n<p>Deux mod\u00e8les d\u2019attestation sont \u00e0 votre disposition pour effectuer cette d\u00e9marche. Vous pouvez utiliser l\u2019attestation simplifi\u00e9e pour tous les travaux n\u2019affectant, sur une p\u00e9riode de deux ans, aucun des \u00e9l\u00e9ments de gros \u0153uvre et pas plus de cinq des six lots de second \u0153uvre d\u00e9finis au 2) du A ci-dessous. L\u2019attestation normale est \u00e0 utiliser dans les autres cas. <strong><a href=\"https:\/\/www.impots.gouv.fr\/portail\/files\/formulaires\/1301-sd\/2016\/1301-sd_1515.pdf\">LIRE LA SUITE ==&gt;<\/a><\/strong><\/p>\n\n\n<div class=\"wp-block-image is-style-rounded\">\n<figure class=\"alignright size-full\" id=\"Haut_de_page\"><a href=\"#\"><img loading=\"lazy\" decoding=\"async\" width=\"40\" height=\"40\" src=\"https:\/\/www.berrand-sarl.fr\/EnR\/wp-content\/uploads\/2026\/04\/haut-page.jpg\" alt=\"Bouton haut page\" class=\"wp-image-15961\" title=\"Bouton vers haut de page\"\/><\/a><\/figure>\n<\/div>\n\n\n<p><\/p>\n\n\n\n<p><\/p>\n","protected":false},"excerpt":{"rendered":"<p>Mode d&#8217;emploi, petit rappel: Chacun de nos devis, de nos factures sont accompagn\u00e9s d&#8217;une attestation de T.V.A. Il est obligatoire\u00a0pour le client de la remplir et de la retourner avec son r\u00e8glement Pour b\u00e9n\u00e9ficier du taux r\u00e9duit de TVA (10&#8230; <\/p>\n","protected":false},"author":1,"featured_media":0,"parent":0,"menu_order":0,"comment_status":"closed","ping_status":"closed","template":"","meta":{"_seopress_robots_primary_cat":"","_seopress_titles_title":"Attestation de TVA","_seopress_titles_desc":"Chacun de nos devis, de nos factures sont accompagn\u00e9s d\u2019une attestation de T.V.A.\r\nIl est obligatoire  pour le client de la remplir...","_seopress_robots_index":"","_themeisle_gutenberg_block_has_review":false,"footnotes":""},"class_list":["post-7124","page","type-page","status-publish","hentry"],"_links":{"self":[{"href":"https:\/\/www.berrand-sarl.fr\/EnR\/wp-json\/wp\/v2\/pages\/7124","targetHints":{"allow":["GET"]}}],"collection":[{"href":"https:\/\/www.berrand-sarl.fr\/EnR\/wp-json\/wp\/v2\/pages"}],"about":[{"href":"https:\/\/www.berrand-sarl.fr\/EnR\/wp-json\/wp\/v2\/types\/page"}],"author":[{"embeddable":true,"href":"https:\/\/www.berrand-sarl.fr\/EnR\/wp-json\/wp\/v2\/users\/1"}],"replies":[{"embeddable":true,"href":"https:\/\/www.berrand-sarl.fr\/EnR\/wp-json\/wp\/v2\/comments?post=7124"}],"version-history":[{"count":0,"href":"https:\/\/www.berrand-sarl.fr\/EnR\/wp-json\/wp\/v2\/pages\/7124\/revisions"}],"wp:attachment":[{"href":"https:\/\/www.berrand-sarl.fr\/EnR\/wp-json\/wp\/v2\/media?parent=7124"}],"curies":[{"name":"wp","href":"https:\/\/api.w.org\/{rel}","templated":true}]}}