{"id":3867,"date":"2026-03-08T15:09:09","date_gmt":"2026-03-08T14:09:09","guid":{"rendered":"https:\/\/www.berrand-sarl.fr\/EnR\/?p=3867"},"modified":"2026-03-08T15:09:12","modified_gmt":"2026-03-08T14:09:12","slug":"ma_primerenov","status":"publish","type":"page","link":"https:\/\/www.berrand-sarl.fr\/EnR\/ma_primerenov\/","title":{"rendered":"Ma Prime R\u00e9nov"},"content":{"rendered":"<div class=\"wp-block-image is-style-rounded\">\n<figure class=\"alignright size-full is-resized\" id=\"-Haut_de_page\"><a href=\"#Haut_de_page\" rel=\"Bouton haut page\"><img loading=\"lazy\" decoding=\"async\" width=\"40\" height=\"40\" src=\"https:\/\/www.berrand-sarl.fr\/EnR\/wp-content\/uploads\/2026\/04\/bas-page.jpg\" alt=\"Bouton bas page\" class=\"wp-image-15962\" style=\"width:40px;height:auto\" title=\"Vers bas de page\"\/><\/a><\/figure>\n<\/div>\n\n\n<h2 class=\"wp-block-heading has-text-align-center has-vivid-purple-color has-text-color\"><strong>Du CITE \u00e0 &#8220;MaPrimeR\u00e9nov&#8221;<\/strong><\/h2>\n\n\n\n<p class=\"has-text-align-center has-text-color has-link-color has-large-font-size wp-elements-3b7d6971ed44345b94e05df8df66c247\" style=\"color:#f60404\"><strong>AVERTISSEMENT <\/strong><\/p>\n\n\n\n<p class=\"has-text-align-center has-white-color has-text-color has-background\" style=\"background-color:#f40808;font-size:21px\"><strong>Cette page a \u00e9t\u00e9 r\u00e9alis\u00e9e et publi\u00e9e \u00e0 son origine en f\u00e9vrier 2020. <b>Elle a \u00e9volu\u00e9 en fonction des textes l\u00e9gislatifs propos\u00e9s par divers gouvernements. Toutefois ce document de base peut rester d&#8217;actualit\u00e9 dans les textes de cette page. <\/b>Certains peuvent \u00eatre obsol\u00e8tes<\/strong>.<\/p>\n\n\n\n<p class=\"has-text-align-center\" style=\"font-size:14px\"><strong><mark style=\"background-color:rgba(0, 0, 0, 0)\" class=\"has-inline-color has-vivid-red-color\"><b>Les liens propos\u00e9s ne sont <\/b>parfois plus r\u00e9actualis\u00e9s et\/ou mis \u00e0 jour \u00e0 la date ou vous visitez cette page.<strong>\u00a0Ent. BERRAND S.A.R.L.\u00a0<\/strong>n\u2019est pas responsable du contenu des autres sites qui renvoient ou sont renvoy\u00e9s \u00e0 celui ci. Toute consultation des autres sites se fera \u00e0 vos seuls risques et p\u00e9rils. Nous ne vous proposons ces liens vers d\u2019autres sites, que pour votre confort. Ceci ne pourra en aucun cas \u00eatre interpr\u00e9t\u00e9 comme une approbation du propri\u00e9taire du site ou de son contenu.<\/mark><\/strong><\/p>\n\n\n\n<figure class=\"wp-block-image size-full\"><img loading=\"lazy\" decoding=\"async\" width=\"1024\" height=\"5\" src=\"https:\/\/www.berrand-sarl.fr\/EnR\/wp-content\/uploads\/2024\/10\/barre_bleue_fonce.jpg\" alt=\"Barre bleue fonce\" class=\"wp-image-12113\" srcset=\"https:\/\/www.berrand-sarl.fr\/EnR\/wp-content\/uploads\/2024\/10\/barre_bleue_fonce.jpg 1024w, https:\/\/www.berrand-sarl.fr\/EnR\/wp-content\/uploads\/2024\/10\/barre_bleue_fonce-300x1.jpg 300w, https:\/\/www.berrand-sarl.fr\/EnR\/wp-content\/uploads\/2024\/10\/barre_bleue_fonce-768x4.jpg 768w\" sizes=\"auto, (max-width: 1024px) 100vw, 1024px\" \/><\/figure>\n\n\n\n<h2 class=\"wp-block-heading has-vivid-purple-color has-text-color\"><em> Qu&#8217;est-ce que MaPrimeR\u00e9nov&nbsp;? <\/em><\/h2>\n\n\n\n<p>Cette aide va remplacer, \u00e0 terme, le Cr\u00e9dit d&#8217;imp\u00f4t pour la&nbsp;<strong>transition \u00e9nerg\u00e9tique<\/strong>. Son apport principal, comme son nom l&#8217;indique, est qu&#8217;elle n&#8217;est plus un cr\u00e9dit d&#8217;imp\u00f4t, mais une prime. Ainsi, les clients n&#8217;ont plus \u00e0 attendre jusqu&#8217;\u00e0 dix-huit mois pour b\u00e9n\u00e9ficier de l&#8217;avantage financier, mais de beaucoup moins de temps. Si d\u00e9but 2020, en pleine p\u00e9riode de lancement, le d\u00e9lai est de 3 \u00e0 4 mois, la cible vis\u00e9e par les pouvoirs publics est de quinze jours pour toucher l&#8217;argent. Ainsi, la prime pourrait \u00eatre utilis\u00e9e pour achever le paiement de l&#8217;entreprise qui a proc\u00e9d\u00e9 au geste de r\u00e9novation. Autre cas de figure&nbsp;: jusqu&#8217;\u00e0 70% du montant de l&#8217;aide, pour les m\u00e9nages les plus fragiles, pourra \u00eatre d\u00e9bloqu\u00e9 plus t\u00f4t pour financer un acompte avant le d\u00e9but des travaux. Une autre particularit\u00e9 de <strong><a href=\"https:\/\/www.maprimerenov.gouv.fr\/prweb\/PRAuth\/app\/AIDES\/BPNVwCpLW8TKW49zoQZpAw*\/!STANDARD\">MaPrimeR\u00e9nov<\/a> <\/strong>est d&#8217;allouer davantage de moyens financiers aux travaux qui repr\u00e9sentent un vrai progr\u00e8s sur le plan des \u00e9missions de carbone &#8211; aspect qui \u00e9tait absent du cr\u00e9dit d&#8217;imp\u00f4t pour la transition \u00e9nerg\u00e9tique. La secr\u00e9taire d&#8217;\u00c9tat \u00e0 la Transition \u00e9cologique et solidaire, Emmanuelle Wargon, a ainsi pris l&#8217;exemple de l&#8217;installation de <strong><a href=\"https:\/\/www.berrand-sarl.fr\/EnR\/chaudiere-tres-haute-performance-energetique-condensation\/\">chaudi\u00e8res \u00e0 gaz tr\u00e8s haute performance<\/a><\/strong>, pour lesquelles les montants d&#8217;aide fix\u00e9s sont inf\u00e9rieurs \u00e0 ceux allou\u00e9es, par exemple, aux&nbsp;<a href=\"https:\/\/www.berrand-sarl.fr\/EnR\/la-pompe-a-chaleur\/\"><strong>pompes \u00e0 chaleur<\/strong>.<\/a> pour MaPrimeR\u00e9nov A noter, pour les <a href=\"https:\/\/www.berrand-sarl.fr\/EnR\/chaudiere-a-granules-de-bois-pellets\/\"><strong>appareils&nbsp;chauffage&nbsp;bois<\/strong><\/a>, l&#8217;obligation de disposer du <strong><mark style=\"background-color:rgba(0, 0, 0, 0)\" class=\"has-inline-color has-vivid-purple-color\">label Flamme verte sept \u00e9toiles<\/mark><\/strong> ; et la possibilit\u00e9 pour tous les m\u00e9nages propri\u00e9taires occupants de b\u00e9n\u00e9ficier d&#8217;un cr\u00e9dit d&#8217;imp\u00f4t forfaitaire de 300 euros pour l&#8217;installation d&#8217;une borne de recharge pour v\u00e9hicule \u00e9lectrique.<\/p>\n\n\n\n<h3 class=\"wp-block-heading has-vivid-purple-color has-text-color\"><em>Comment peuvent s&#8217;informer les clients&nbsp;?<\/em> <\/h3>\n\n\n\n<p>Il y a deux niveaux d&#8217;information&nbsp;: tout d&#8217;abord aupr\u00e8s des mairies et des accueils communaux o\u00f9 un citoyen pourra obtenir une connaissance d&#8217;ordre g\u00e9n\u00e9ral des aides existantes. Ensuite, pour aller plus dans le d\u00e9tail et en savoir plus sur les choix techniques qu&#8217;il faudrait effectuer pour un logement donn\u00e9 et une probl\u00e9matique donn\u00e9e, il existe les traditionnels r\u00e9seaux d&#8217;information sur l&#8217;\u00e9nergie, dont l&#8217;appellation peut varier d&#8217;une r\u00e9gion \u00e0 une autre. Ils sont cens\u00e9s \u00eatre tous r\u00e9unis sous l&#8217;\u00e9gide de la plateforme Faire, le service public de la r\u00e9novation \u00e9nerg\u00e9tique.<\/p>\n\n\n\n<h3 class=\"wp-block-heading has-vivid-purple-color has-text-color\"><em><strong>Comment demander l&#8217;aide MaPrimeR\u00e9nov&nbsp;?<\/strong><\/em><\/h3>\n\n\n\n<p>La proc\u00e9dure de demande de &#8220;<a href=\"https:\/\/www.maprimerenov.gouv.fr\/\"><strong>MaPrimeR\u00e9nov<\/strong><\/a>&#8221; se fait directement par Internet, ou en contactant une agence locale de l&#8217;\u00e9nergie. Un num\u00e9ro de t\u00e9l\u00e9phone est \u00e9galement disponible pour s&#8217;informer&nbsp;: le 0808.800.700.Lors de la demande de la prime par Internet, les revenus de la personne sont automatiquement renseign\u00e9s, et l&#8217;application calcule automatiquement l&#8217;aide \u00e0 laquelle le m\u00e9nage a droit au 8 janvier 2020, alors que le site n&#8217;\u00e9tait en ligne que depuis le 2 janvier 2020, 26.000 visites avaient \u00e9t\u00e9 enregistr\u00e9es, et 450 dossiers avaient \u00e9t\u00e9 d\u00e9pos\u00e9s, actuellement en cours de traitement. Ils repr\u00e9sentent environ 2 millions d&#8217;euros de prime \u00e0 potentiellement distribuer.<\/p>\n\n\n\n<h3 class=\"wp-block-heading has-vivid-purple-color has-text-color\"><em>A qui s&#8217;adresse cette aide&nbsp;?<\/em><\/h3>\n\n\n\n<p>Pour l&#8217;ann\u00e9e 2020, seulement les m\u00e9nages consid\u00e9r\u00e9s comme pr\u00e9caires et tr\u00e8s pr\u00e9caires (d\u00e9ciles 1 \u00e0 5) seront concern\u00e9s par la prime. Mais celle-ci doit \u00eatre propos\u00e9e, d\u00e8s 2021, \u00e0 l&#8217;ensemble des m\u00e9nages.Par ailleurs, en 2020, seulement les propri\u00e9taires occupants y auront acc\u00e8s ; les propri\u00e9taires bailleurs seront int\u00e9gr\u00e9s en 2021.Pour \u00eatre b\u00e9n\u00e9ficiaire de l&#8217;aide, le logement doit avoir \u00e9t\u00e9 construit il y a plus de deux ans.<\/p>\n\n\n\n<h3 class=\"wp-block-heading has-vivid-purple-color has-text-color\"><em>Qu&#8217;en est-il des m\u00e9nages ais\u00e9s et tr\u00e8s ais\u00e9s&nbsp;?<\/em><\/h3>\n\n\n\n<p>Les m\u00e9nages allant des d\u00e9ciles 6 \u00e0 10 b\u00e9n\u00e9ficieront toujours, en 2020, d&#8217;un cr\u00e9dit d&#8217;imp\u00f4t pour la transition \u00e9nerg\u00e9tique &#8216;r\u00e9siduel&#8217;, qui prendra la forme d&#8217;un forfait et non plus d&#8217;un pourcentage du co\u00fbt des travaux. Ces m\u00e9nages seront int\u00e9gr\u00e9s au syst\u00e8me de la prime d\u00e8s l&#8217;ann\u00e9e 2021, et bien entendu les aides seront d\u00e9gressives \u00e0 mesure que le niveau de revenu augmente. Le CITE sp\u00e9cifique pour les m\u00e9nages des d\u00e9ciles 9 et 10 se limite aux travaux d&#8217;isolation pour 2020 (25 euros\/m\u00b2 pour l&#8217;isolation des murs par l&#8217;ext\u00e9rieur et les toitures terrasses, et 10 euros\/m\u00b2 pour l&#8217;isolation des murs par l&#8217;int\u00e9rieur et des rampants de toiture\/plafonds de combles). Les cartes seront redistribu\u00e9es pour fixer les bar\u00e8mes 2021.<\/p>\n\n\n\n<h3 class=\"wp-block-heading has-vivid-purple-color has-text-color\"><em>Les aides MaPrimeR\u00e9nov sont-elles cumulables&nbsp;?<\/em><\/h3>\n\n\n\n<p>Oui, les primes sont cumulables dans la limite de 20.000 \u20ac par logement sur 5 ans.&nbsp;<em>&#8220;MaPrimeR\u00e9nov&#8217; est cumulable avec les aides vers\u00e9es au titre des CEE, les aides d&#8217;<strong><a href=\"https:\/\/www.actionlogement.fr\/\">Action Logement<\/a><\/strong>, les aides des collectivit\u00e9s locales, les aides aux actions de ma\u00eetrise de la demande en \u00e9nergie vers\u00e9es dans Drom (cadres de compensation de la Cre)&#8221;<\/em>, pr\u00e9cisent aussi les pouvoirs publics.<\/p>\n\n\n\n<h3 class=\"wp-block-heading has-vivid-purple-color has-text-color\"><em>Quel budget a \u00e9t\u00e9 affect\u00e9 \u00e0 MaPrimeR\u00e9nov&nbsp;?<\/em><\/h3>\n\n\n\n<p>Le Gouvernement a pr\u00e9vu d&#8217;affecter 400 millions d&#8217;euros \u00e0 MaPrimeR\u00e9nov, 400 millions d&#8217;euros au CITE r\u00e9siduel et 400 millions d&#8217;euros \u00e0 l&#8217;aide de l&#8217;<strong><a href=\"https:\/\/www.anah.gouv.fr\/\">Anah<\/a><\/strong>&nbsp;Habiter mieux s\u00e9r\u00e9nit\u00e9, qui concerne les op\u00e9rations plus globales de r\u00e9novation \u00e9nerg\u00e9tique. Ceci marque une diminution par rapport aux aides qui \u00e9taient affect\u00e9es au CITE en ann\u00e9e pleine, plut\u00f4t de l&#8217;ordre de 1,7 milliard d&#8217;euros. Mais l&#8217;\u00c9tat, \u00e9chaud\u00e9 par le fait que le CITE a financ\u00e9 des travaux \u00e0 l&#8217;efficacit\u00e9 \u00e9nerg\u00e9tique et environnementale douteuse, comme l&#8217;installation de portes blind\u00e9es, a souhait\u00e9 resserrer le budget en renfor\u00e7ant les contr\u00f4les sur la qualit\u00e9 des op\u00e9rations. L&#8217;Etat ne souhaite probablement pas non plus mettre trop sur la table, dans un contexte o\u00f9 les effets d&#8217;aubaine sont fr\u00e9quents et o\u00f9 ont visiblement \u00e9t\u00e9 observ\u00e9s des hausses de prix, notamment dans l&#8217;installation de pompes \u00e0 chaleur (effet inflationniste).Toutefois, Julien Denormandie et Emmanuelle Wargon assurent que cette enveloppe de 400 millions d&#8217;euros pour MaPrimeR\u00e9nov pourra \u00eatre revue \u00e0 la hausse en cours d&#8217;ann\u00e9e 2020 si l&#8217;aide rencontre beaucoup de succ\u00e8s.<\/p>\n\n\n\n<h3 class=\"wp-block-heading has-vivid-purple-color has-text-color\"><em>Les fen\u00eatres sont-elles inclues dans la prime&nbsp;?<\/em><\/h3>\n\n\n\n<p>D&#8217;apr\u00e8s Julien Denormandie, le remplacement de fen\u00eatre est bien compris dans MaPrimeR\u00e9nov, y compris les fen\u00eatres individuelles dans le cadre d&#8217;une&nbsp;<strong>copropri\u00e9t\u00e9.<\/strong><\/p>\n\n\n\n<h3 class=\"wp-block-heading has-vivid-purple-color has-text-color\"><em>Le nouveau dispositif va-t-il d\u00e9clencher des fraudes&nbsp;?<\/em><\/h3>\n\n\n\n<p>C&#8217;est une inqui\u00e9tude&nbsp;: un syst\u00e8me de prime, avec une validation des dossiers relativement rapide et un paiement dans la foul\u00e9e, pourrait inciter des escrocs \u00e0 prendre la roue. C&#8217;est pourquoi, en parall\u00e8le de cette transformation du CITE en prime, les pouvoirs publics ont lanc\u00e9 r\u00e9cemment un plan de lutte contre la fraude \u00e0 la r\u00e9novation \u00e9nerg\u00e9tique, et s&#8217;interroge&nbsp;<strong>sur la possibilit\u00e9 d&#8217;interdire le d\u00e9marchage t\u00e9l\u00e9phonique pour ce type d&#8217;op\u00e9rations.<\/strong> Le label&nbsp;<strong>RGE est \u00e9galement en phase de renforcement.<\/strong><\/p>\n\n\n\n<h3 class=\"wp-block-heading has-vivid-purple-color has-text-color\"><em>La qualification RGE sera-t-elle toujours obligatoire pour faire b\u00e9n\u00e9ficier de la prime&nbsp;?<\/em><\/h3>\n\n\n\n<p>MaPrimeR\u00e9nov est \u00e9co-conditionn\u00e9e au label Reconnu garant de l&#8217;environnement (RGE), ce qui signifie qu&#8217;il sera bien obligatoire pour faire b\u00e9n\u00e9ficier ses clients de la nouvelle aide. Petite nouveaut\u00e9&nbsp;: le client devra indiquer le num\u00e9ro Siren de l&#8217;entreprise qui r\u00e9alisera les travaux au moment de faire sa demande de prime ; \u00e0 ce moment, il sera automatiquement d\u00e9tect\u00e9 par l&#8217;application si la soci\u00e9t\u00e9 est bien, ou non, labellis\u00e9e RGE. Un nouveau garde-fou pour \u00e9viter des m\u00e9saventures avec des &#8216;entrepreneurs&#8217; peu scrupuleux.<\/p>\n\n\n\n<h3 class=\"wp-block-heading has-vivid-purple-color has-text-color\"><em>Qu&#8217;en est-il des offres \u00e0 1 euro&nbsp;?<\/em><\/h3>\n\n\n\n<p>C&#8217;est l&#8217;une des inqui\u00e9tudes des professionnels de la r\u00e9novation \u00e9nerg\u00e9tique avec la transformation du CITE en prime&nbsp;: qu&#8217;adviendra-t-il des fameuses offres \u00e0 un euro pour l&#8217;isolation et les syst\u00e8mes de <a href=\"https:\/\/www.berrand-sarl.fr\/EnR\/chauffage-central-a-eau-chaude\/\">chauffage<\/a>, qui ont connu un succ\u00e8s fulgurant ces derni\u00e8res ann\u00e9es&nbsp;? Car dans le nouveau syst\u00e8me de MaPrimeR\u00e9nov, les aides propos\u00e9es (MaPrimeR\u00e9no + certificats d&#8217;\u00e9conomies d&#8217;\u00e9nergie + aides d&#8217;Action logement + actions de ma\u00eetrise de la demande en \u00e9nergie dans les d\u00e9partements et r\u00e9gions d&#8217;outre-mer) ne pourront pas couvrir plus de 90% du montant des travaux pour les m\u00e9nages les plus pr\u00e9caires, 75% pour les m\u00e9nages pr\u00e9caires. Autrement dit, subsistera un reste \u00e0 charge de 10% au minimum. Les foyers les plus modestes auront-ils les moyens de les d\u00e9bourser&nbsp;?Questionn\u00e9 \u00e0 ce sujet, Julien Denormandie s&#8217;est voulu rassurant.&nbsp;<em>&#8220;Le syst\u00e8me d&#8217;\u00e9cr\u00eatement n&#8217;est valable que pour les aides \u00e9tatiques, et ne concerne par, par exemple, les financements que peuvent apporter des associations ( Secours catholique, fondation Abb\u00e9 Pierre&#8230;), ou des aides r\u00e9gionales&#8221;<\/em>, a-t-il assur\u00e9. On peut ainsi, pour un m\u00e9nage pr\u00e9caire, esp\u00e9rer parvenir \u00e0 une intervention &#8216;\u00e0 z\u00e9ro euro&#8217; en cumulant MaPrimeR\u00e9nov avec des aides ext\u00e9rieures. Emmanuelle Wargon a \u00e9galement pr\u00e9cis\u00e9 que les minist\u00e8res concern\u00e9s rencontreraient incessamment les banques de mani\u00e8re \u00e0 permettre \u00e0 des clients dans le besoin d&#8217;obtenir des cr\u00e9dits \u00e0 la consommation ou des \u00e9co-pr\u00eats pour \u00e9taler le paiement des restes \u00e0 charge. Les pouvoirs publics esp\u00e8rent \u00e9galement que certaines entreprises ou intervenant dans le secteur des certificats d&#8217;\u00e9conomie d&#8217;\u00e9nergie pourront monter des offres commerciales o\u00f9 ce seront eux qui paieront le reste \u00e0 charge.En 2019, pour rappel, les offres coup de pouce &#8216;\u00e0 un euro&#8217; ont connu un succ\u00e8s \u00e9clatant&nbsp;: 250.000 remplacements de chaudi\u00e8res et 500.000 isolations (combles, toiture, plancher).<\/p>\n\n\n\n<h3 class=\"wp-block-heading has-vivid-purple-color has-text-color\"><em>De quels moyens dispose l&#8217;Agence nationale de l&#8217;habitat (Anah) pour accomplir cette t\u00e2che&nbsp;?<\/em><\/h3>\n\n\n\n<p>La gestion du flux de dossier est sous-trait\u00e9e,&nbsp;comme l&#8217;avait r\u00e9v\u00e9l\u00e9&nbsp;<em>Batiactu<\/em>&nbsp;il y a quelques semaines, \u00e0 Docapost BPO. A terme, une quinzaine de personnes travailleront au sein de l&#8217;Anah pour piloter ce prestataire. Des contr\u00f4les sur site seront aussi diligent\u00e9s avec un autre prestataire pour s&#8217;assurer de la qualit\u00e9 des travaux.<br><\/p>\n\n\n\n<p class=\"has-text-align-right\">Source : <a href=\"https:\/\/www.batiactu.com\/edito\/tout-savoir-sur-maprimerenov-nouvelle-aide-a-renovation-58454.php?MD5email=3c882549f9feef8a236fed051df3e057&amp;utm_source=alerte_actu&amp;utm_medium=edito\">BATIACTU<\/a><\/p>\n\n\n<div class=\"wp-block-image is-style-rounded\">\n<figure class=\"alignright size-full\" id=\"Haut_de_page\"><a href=\"#\"><img loading=\"lazy\" decoding=\"async\" width=\"40\" height=\"40\" src=\"https:\/\/www.berrand-sarl.fr\/EnR\/wp-content\/uploads\/2026\/04\/haut-page.jpg\" alt=\"Bouton haut page\" class=\"wp-image-15961\" title=\"Bouton vers haut de page\"\/><\/a><\/figure>\n<\/div>","protected":false},"excerpt":{"rendered":"<p>Du CITE \u00e0 &#8220;MaPrimeR\u00e9nov&#8221; AVERTISSEMENT Cette page a \u00e9t\u00e9 r\u00e9alis\u00e9e et publi\u00e9e \u00e0 son origine en f\u00e9vrier 2020. Elle a \u00e9volu\u00e9 en fonction des textes l\u00e9gislatifs propos\u00e9s par divers gouvernements. Toutefois ce document de base peut rester d&#8217;actualit\u00e9 dans les&#8230; <\/p>\n","protected":false},"author":1,"featured_media":0,"parent":0,"menu_order":0,"comment_status":"closed","ping_status":"closed","template":"","meta":{"_seopress_robots_primary_cat":"","_seopress_titles_title":"Ma Prime R\u00e9nov %%sep%% %%sitetitle%%","_seopress_titles_desc":"Faisons le point en vous pr\u00e9sentant les points cl\u00e9s, alors qu'en janvier les pouvoirs publics ont officiellement lanc\u00e9 la nouvelle aide: MaPrimeR\u00e9nov,","_seopress_robots_index":"","_themeisle_gutenberg_block_has_review":false,"footnotes":""},"class_list":["post-3867","page","type-page","status-publish","hentry"],"_links":{"self":[{"href":"https:\/\/www.berrand-sarl.fr\/EnR\/wp-json\/wp\/v2\/pages\/3867","targetHints":{"allow":["GET"]}}],"collection":[{"href":"https:\/\/www.berrand-sarl.fr\/EnR\/wp-json\/wp\/v2\/pages"}],"about":[{"href":"https:\/\/www.berrand-sarl.fr\/EnR\/wp-json\/wp\/v2\/types\/page"}],"author":[{"embeddable":true,"href":"https:\/\/www.berrand-sarl.fr\/EnR\/wp-json\/wp\/v2\/users\/1"}],"replies":[{"embeddable":true,"href":"https:\/\/www.berrand-sarl.fr\/EnR\/wp-json\/wp\/v2\/comments?post=3867"}],"version-history":[{"count":0,"href":"https:\/\/www.berrand-sarl.fr\/EnR\/wp-json\/wp\/v2\/pages\/3867\/revisions"}],"wp:attachment":[{"href":"https:\/\/www.berrand-sarl.fr\/EnR\/wp-json\/wp\/v2\/media?parent=3867"}],"curies":[{"name":"wp","href":"https:\/\/api.w.org\/{rel}","templated":true}]}}